{"id":2395,"date":"2017-05-30T12:26:20","date_gmt":"2017-05-30T12:26:20","guid":{"rendered":"http:\/\/loricestetic.com.br\/?post_type=tribe_events&#038;p=2395"},"modified":"2017-07-06T17:27:34","modified_gmt":"2017-07-06T17:27:34","slug":"dicas-voo-hospedagem-e-passeios-leduc-method-4-a-8-de-fevereiro-de-2018","status":"publish","type":"tribe_events","link":"https:\/\/loricestetic.com.br\/index.php\/evento\/dicas-voo-hospedagem-e-passeios-leduc-method-4-a-8-de-fevereiro-de-2018\/","title":{"rendered":"DICAS, VOO, HOSPEDAGEM E PASSEIOS  &#8211; LEDUC METHOD ** 4 a 8 de Fevereiro De 2018"},"content":{"rendered":"<p><strong><u>INFORMA\u00c7\u00d5ES SOBRE \u00a0LOCAL DO XII CURSO INTERNACIONAL + DICAS \u00a0+ AGENTE DE VIAGEM E PACOTES PARA O CURSO<\/u><\/strong><strong>\u00a0<\/strong><strong>INTERNACIONAL<\/strong><\/p>\n<p><strong>IBIS BRUSSELS CENTRE ST CATHERINE \u2013 LOCAL OFICIAL DO XII CURSO INTERNACIONAL LEDUC METHOD- 4 A 8 DE FEV, 2018 &#8211; RUE JOSEPH PLATEAU, N. 2 , 1000 &#8211;<\/strong><strong>\u00a0<\/strong><strong><a href=\"http:\/\/WWW.IBIS.COM.BR\">WWW.IBIS.COM.BR<\/a>\u00a0<\/strong><\/p>\n<p>O hotel ibis Brussels Centre Sainte Catherine fica no centro da cidade de Bruxelas, a apenas 550 m da Grand Place e do famoso \u201cManneken Pis\u201d, de museus e \u00e1reas de compras populares. Perto do Mercado de peixe e de seus famosos restaurantes, este hotel 3 estrelas \u00e9 ideal para aproveitar um excelente fim de semana com a fam\u00edlia ou viagens de neg\u00f3cios. Todos os quartos t\u00eam ar-condicionado; Internet WIFI dispon\u00edvel por todo o hotel. 2 salas de reuni\u00e3o dispon\u00edveis e estacionamento p\u00fablico nas proximidades .<\/p>\n<p><strong><u>COTA\u00c7\u00d5ES DE VOOS . DIRETO COM VARIAS COMPANHIAS AEREAS ;<\/u><\/strong><\/p>\n<p><u>COTA\u00c7\u00d5ES DE HOTEL ..<\/u>\u00a0NO PR\u00d3PRIO SITE :\u00a0<a href=\"http:\/\/www.ibis.com.br\/\">WWW.IBIS.COM.BR<\/a>\u00a0 ( o hotel \u00e9 o IBIS ST\u00a0CATHERINE &#8211; valor da di\u00e1ria no pr\u00f3prio hotel &#8211; \u00a0valor estimado para 6 a \u00a07 dias di\u00e1rias\u00a0 em Bruxelas &#8211; 533 EUROS &gt; aproximadamente 2 mil reias \u00a0 ( em\u00a0<u>apartamento duplo &#8211;<\/u>_ aproximadamente 1.000, reias por pessoas SEM CAF\u00c9 manha \u00a0 ).<\/p>\n<p>SOLICITE COTA\u00c7\u00d5ES COM CAF\u00c9 DA MANHA j\u00e1 incluso &#8211; vale muito a pena .<\/p>\n<p><strong><u>COTA\u00c7\u00d5ES DE VOOS\u00a0<\/u><\/strong>( S.PAULO BRUXELAS &#8211; COTA\u00c7\u00c3O DE HOJE ,\u00a0DIA 26 DE MAIO\/2017\u00a0\u00a0&#8211; DE 2.900,00 REIAS A 3.500,00 saindo dia 2 de fevereiro e retornando a 9 fevereiro a S.Paulo ). Consulte nossa agente Adriana Martinez .<\/p>\n<p><u>SEGURO VIAGEM<\/u>\u00a0&#8211; Aconselho todas viajarem com seguro viagem ,.. pois toda precau\u00e7\u00e3o com extravio de bagagens e acidentes voces estar\u00e3o totalmente cobertas e seguras .. PREZO PELE SEGURAN\u00c7A DE TODAS \u00a0.<\/p>\n<p><strong><u>TURISMO<\/u><\/strong>\u00a0&#8211; Cada uma de voc\u00eas poder\u00e3o fazer seus pr\u00f3prios roteiros \u00a0pela Europa ap\u00f3s o curso, ja que dia 9 de fevereiro come\u00e7a o carnaval. Ent\u00e3o sintam se a vontade em falar com nossa agente de viagem \u00a0, e as que quiserem me acompanhar \u00a0e sair nos mesmos voos que os meus poder\u00e3o falar diretamente comigo<\/p>\n<p><strong>TRADUTORA \u00a0DURANTE O CURSO<\/strong>\u00a0&gt; n\u00e3o se preocupem pois durante todo o per\u00edodo do curso , teremos nossa tradutora DRA SABINE GALV\u00c3O com voc\u00eas, na tradu\u00e7\u00e3o e nas depend\u00eancias do hotel .<\/p>\n<p><strong><u>TRANSLADOS AEROPORT0 &#8211; HOTEL\u00a0<\/u><\/strong>&#8211; ap\u00f3s minhas varias idas a Bruxelas , temos 2 brasileiros \u00a0que vivem\u00a0em BRUXELAS &#8211; o\u00a0<u>Luciano e o Cristian\u00a0<\/u>, e eu passarei a voc\u00eas os contatos dele, onde ele poder\u00e1 busca-los no aeroporto tanto na chegada como no nosso retorno . Eles colocar\u00e3o servi\u00e7os de carros para nos servir . com TODA SEGURAN\u00c7A . \u00a0( em breve passarei as inscritas o contato dele quando me solicitado )<\/p>\n<p>OU<\/p>\n<p><strong>CONTRATE NOSSA AGENTE DE VIAGEM &gt; \u00a0Latitude viagens -S.Paulo &#8211;\u00a0<\/strong><\/p>\n<p><strong>NOSSA AGENTE DE VIAGEM PODE AJUDAR VOC\u00ca A FECHAR PASSEIOS, TICKETS DE TRENS PARA V\u00c1RIOS LOCAIS DA EUROPA , VOOS E HOSPEDAGENS \u00a0: ADRIANA MARTINEZ\u00a0<\/strong><strong><a href=\"http:\/\/www.latitude.tur.br\/\">WWW.LATITUDE.TUR.BR<\/a><\/strong><strong>\u00a0(<a href=\"mailto:ADRIANA@LATITUDE.TUR.BR\">ADRIANA@LATITUDE.TUR.BR<\/a>\u00a0)<\/strong><\/p>\n<p><strong>CONTATOS \u00a055 &#8211; 11 &#8211; 3021-3926- 3297-3926 OU 98282-2224\u00a0<\/strong><\/p>\n<p><strong>Aten\u00e7\u00e3o : caso queiram fechar co nossa agente de viagem, haver\u00e1 uma taxa para que eles monitorem seus voos &#8211; hospedagens &#8211; compras de tickets de trem para voc\u00eas fazerem passeios &#8211; organizar seguro viagem e fazer seus roteiros ap\u00f3s o dia 9 de fevereiro. Voc\u00eas estar\u00e3o livres para passeios\u00a0<\/strong><\/p>\n<p><strong>Em breve colocarei a voc\u00eas meus voos &#8211; minha data de sa\u00edda do AEROPORTO DE GUARULHOS ser\u00e1\u00a0 em 1 de fevereiro e meu retorno ao Brasil. Portando quem quiser voar comigo, manifeste-se .\u00a0<\/strong><\/p>\n<p><strong>Um abra\u00e7o a todos .<\/strong><\/p>\n<p><a href=\"http:\/\/www.latitude.tur.br\/\">Latitude Viagens<\/a><\/p>\n<p><a href=\"http:\/\/www.latitude.tur.br\">www.latitude.tur.br<\/a><\/p>\n<p>Sobre a Latitude | Entre em Contato | 11 3021.3926 ou 3297.3926 Seja qual for o seu destino, v\u00e1 com a Latitude Viagens!<\/p>\n<p>&nbsp;<\/p>\n","protected":false},"excerpt":{"rendered":"<p>INFORMA\u00c7\u00d5ES SOBRE \u00a0LOCAL DO XII CURSO INTERNACIONAL + DICAS \u00a0+ AGENTE DE VIAGEM E PACOTES PARA O CURSO\u00a0INTERNACIONAL IBIS BRUSSELS CENTRE ST CATHERINE \u2013 LOCAL [&hellip;]<\/p>\n","protected":false},"author":1,"featured_media":0,"template":"","meta":{"_tribe_events_status":"","_tribe_events_status_reason":"","footnotes":""},"tags":[],"tribe_events_cat":[],"class_list":["post-2395","tribe_events","type-tribe_events","status-publish","hentry"],"yoast_head":"<!-- This site is optimized with the Yoast SEO plugin v26.2 - https:\/\/yoast.com\/wordpress\/plugins\/seo\/ -->\n<title>DICAS, VOO, HOSPEDAGEM E PASSEIOS - LEDUC METHOD ** 4 a 8 de Fevereiro De 2018 - Lorice - Fisioterapia e Est\u00e9tica<\/title>\n<meta name=\"robots\" content=\"index, follow, max-snippet:-1, max-image-preview:large, max-video-preview:-1\" \/>\n<link rel=\"canonical\" href=\"https:\/\/loricestetic.com.br\/index.php\/evento\/dicas-voo-hospedagem-e-passeios-leduc-method-4-a-8-de-fevereiro-de-2018\/\" \/>\n<meta property=\"og:locale\" content=\"pt_BR\" \/>\n<meta property=\"og:type\" content=\"article\" \/>\n<meta property=\"og:title\" content=\"DICAS, VOO, HOSPEDAGEM E PASSEIOS - LEDUC METHOD ** 4 a 8 de Fevereiro De 2018 - Lorice - Fisioterapia e Est\u00e9tica\" \/>\n<meta property=\"og:description\" content=\"INFORMA\u00c7\u00d5ES SOBRE \u00a0LOCAL DO XII CURSO INTERNACIONAL + DICAS \u00a0+ AGENTE DE VIAGEM E PACOTES PARA O CURSO\u00a0INTERNACIONAL IBIS BRUSSELS CENTRE ST CATHERINE \u2013 LOCAL [&hellip;]\" \/>\n<meta property=\"og:url\" content=\"https:\/\/loricestetic.com.br\/index.php\/evento\/dicas-voo-hospedagem-e-passeios-leduc-method-4-a-8-de-fevereiro-de-2018\/\" \/>\n<meta property=\"og:site_name\" content=\"Lorice - Fisioterapia e Est\u00e9tica\" \/>\n<meta property=\"article:modified_time\" content=\"2017-07-06T17:27:34+00:00\" \/>\n<meta name=\"twitter:card\" content=\"summary_large_image\" \/>\n<meta name=\"twitter:label1\" content=\"Est. tempo de leitura\" \/>\n\t<meta name=\"twitter:data1\" content=\"3 minutos\" \/>\n<script type=\"application\/ld+json\" class=\"yoast-schema-graph\">{\"@context\":\"https:\/\/schema.org\",\"@graph\":[{\"@type\":\"WebPage\",\"@id\":\"https:\/\/loricestetic.com.br\/index.php\/evento\/dicas-voo-hospedagem-e-passeios-leduc-method-4-a-8-de-fevereiro-de-2018\/\",\"url\":\"https:\/\/loricestetic.com.br\/index.php\/evento\/dicas-voo-hospedagem-e-passeios-leduc-method-4-a-8-de-fevereiro-de-2018\/\",\"name\":\"DICAS, VOO, HOSPEDAGEM E PASSEIOS - LEDUC METHOD ** 4 a 8 de Fevereiro De 2018 - Lorice - Fisioterapia e Est\u00e9tica\",\"isPartOf\":{\"@id\":\"https:\/\/loricestetic.com.br\/#website\"},\"datePublished\":\"2017-05-30T12:26:20+00:00\",\"dateModified\":\"2017-07-06T17:27:34+00:00\",\"breadcrumb\":{\"@id\":\"https:\/\/loricestetic.com.br\/index.php\/evento\/dicas-voo-hospedagem-e-passeios-leduc-method-4-a-8-de-fevereiro-de-2018\/#breadcrumb\"},\"inLanguage\":\"pt-BR\",\"potentialAction\":[{\"@type\":\"ReadAction\",\"target\":[\"https:\/\/loricestetic.com.br\/index.php\/evento\/dicas-voo-hospedagem-e-passeios-leduc-method-4-a-8-de-fevereiro-de-2018\/\"]}]},{\"@type\":\"BreadcrumbList\",\"@id\":\"https:\/\/loricestetic.com.br\/index.php\/evento\/dicas-voo-hospedagem-e-passeios-leduc-method-4-a-8-de-fevereiro-de-2018\/#breadcrumb\",\"itemListElement\":[{\"@type\":\"ListItem\",\"position\":1,\"name\":\"In\u00edcio\",\"item\":\"https:\/\/loricestetic.com.br\/\"},{\"@type\":\"ListItem\",\"position\":2,\"name\":\"Eventos\",\"item\":\"https:\/\/loricestetic.com.br\/index.php\/eventos\/\"},{\"@type\":\"ListItem\",\"position\":3,\"name\":\"DICAS, VOO, HOSPEDAGEM E PASSEIOS &#8211; LEDUC METHOD ** 4 a 8 de Fevereiro De 2018\"}]},{\"@type\":\"WebSite\",\"@id\":\"https:\/\/loricestetic.com.br\/#website\",\"url\":\"https:\/\/loricestetic.com.br\/\",\"name\":\"Lorice - Fisioterapia e Est\u00e9tica\",\"description\":\"\",\"publisher\":{\"@id\":\"https:\/\/loricestetic.com.br\/#organization\"},\"potentialAction\":[{\"@type\":\"SearchAction\",\"target\":{\"@type\":\"EntryPoint\",\"urlTemplate\":\"https:\/\/loricestetic.com.br\/?s={search_term_string}\"},\"query-input\":{\"@type\":\"PropertyValueSpecification\",\"valueRequired\":true,\"valueName\":\"search_term_string\"}}],\"inLanguage\":\"pt-BR\"},{\"@type\":\"Organization\",\"@id\":\"https:\/\/loricestetic.com.br\/#organization\",\"name\":\"Lorice - Fisioterapia e Est\u00e9tica\",\"url\":\"https:\/\/loricestetic.com.br\/\",\"logo\":{\"@type\":\"ImageObject\",\"inLanguage\":\"pt-BR\",\"@id\":\"https:\/\/loricestetic.com.br\/#\/schema\/logo\/image\/\",\"url\":\"https:\/\/loricestetic.com.br\/wp-content\/uploads\/2015\/09\/cropped-logo.png\",\"contentUrl\":\"https:\/\/loricestetic.com.br\/wp-content\/uploads\/2015\/09\/cropped-logo.png\",\"width\":160,\"height\":83,\"caption\":\"Lorice - Fisioterapia e Est\u00e9tica\"},\"image\":{\"@id\":\"https:\/\/loricestetic.com.br\/#\/schema\/logo\/image\/\"}}]}<\/script>\n<!-- \/ Yoast SEO plugin. -->","yoast_head_json":{"title":"DICAS, VOO, HOSPEDAGEM E PASSEIOS - LEDUC METHOD ** 4 a 8 de Fevereiro De 2018 - Lorice - Fisioterapia e Est\u00e9tica","robots":{"index":"index","follow":"follow","max-snippet":"max-snippet:-1","max-image-preview":"max-image-preview:large","max-video-preview":"max-video-preview:-1"},"canonical":"https:\/\/loricestetic.com.br\/index.php\/evento\/dicas-voo-hospedagem-e-passeios-leduc-method-4-a-8-de-fevereiro-de-2018\/","og_locale":"pt_BR","og_type":"article","og_title":"DICAS, VOO, HOSPEDAGEM E PASSEIOS - LEDUC METHOD ** 4 a 8 de Fevereiro De 2018 - Lorice - Fisioterapia e Est\u00e9tica","og_description":"INFORMA\u00c7\u00d5ES SOBRE \u00a0LOCAL DO XII CURSO INTERNACIONAL + DICAS \u00a0+ AGENTE DE VIAGEM E PACOTES PARA O CURSO\u00a0INTERNACIONAL IBIS BRUSSELS CENTRE ST CATHERINE \u2013 LOCAL [&hellip;]","og_url":"https:\/\/loricestetic.com.br\/index.php\/evento\/dicas-voo-hospedagem-e-passeios-leduc-method-4-a-8-de-fevereiro-de-2018\/","og_site_name":"Lorice - Fisioterapia e Est\u00e9tica","article_modified_time":"2017-07-06T17:27:34+00:00","twitter_card":"summary_large_image","twitter_misc":{"Est. tempo de leitura":"3 minutos"},"schema":{"@context":"https:\/\/schema.org","@graph":[{"@type":"WebPage","@id":"https:\/\/loricestetic.com.br\/index.php\/evento\/dicas-voo-hospedagem-e-passeios-leduc-method-4-a-8-de-fevereiro-de-2018\/","url":"https:\/\/loricestetic.com.br\/index.php\/evento\/dicas-voo-hospedagem-e-passeios-leduc-method-4-a-8-de-fevereiro-de-2018\/","name":"DICAS, VOO, HOSPEDAGEM E PASSEIOS - LEDUC METHOD ** 4 a 8 de Fevereiro De 2018 - Lorice - Fisioterapia e Est\u00e9tica","isPartOf":{"@id":"https:\/\/loricestetic.com.br\/#website"},"datePublished":"2017-05-30T12:26:20+00:00","dateModified":"2017-07-06T17:27:34+00:00","breadcrumb":{"@id":"https:\/\/loricestetic.com.br\/index.php\/evento\/dicas-voo-hospedagem-e-passeios-leduc-method-4-a-8-de-fevereiro-de-2018\/#breadcrumb"},"inLanguage":"pt-BR","potentialAction":[{"@type":"ReadAction","target":["https:\/\/loricestetic.com.br\/index.php\/evento\/dicas-voo-hospedagem-e-passeios-leduc-method-4-a-8-de-fevereiro-de-2018\/"]}]},{"@type":"BreadcrumbList","@id":"https:\/\/loricestetic.com.br\/index.php\/evento\/dicas-voo-hospedagem-e-passeios-leduc-method-4-a-8-de-fevereiro-de-2018\/#breadcrumb","itemListElement":[{"@type":"ListItem","position":1,"name":"In\u00edcio","item":"https:\/\/loricestetic.com.br\/"},{"@type":"ListItem","position":2,"name":"Eventos","item":"https:\/\/loricestetic.com.br\/index.php\/eventos\/"},{"@type":"ListItem","position":3,"name":"DICAS, VOO, HOSPEDAGEM E PASSEIOS &#8211; LEDUC METHOD ** 4 a 8 de Fevereiro De 2018"}]},{"@type":"WebSite","@id":"https:\/\/loricestetic.com.br\/#website","url":"https:\/\/loricestetic.com.br\/","name":"Lorice - Fisioterapia e Est\u00e9tica","description":"","publisher":{"@id":"https:\/\/loricestetic.com.br\/#organization"},"potentialAction":[{"@type":"SearchAction","target":{"@type":"EntryPoint","urlTemplate":"https:\/\/loricestetic.com.br\/?s={search_term_string}"},"query-input":{"@type":"PropertyValueSpecification","valueRequired":true,"valueName":"search_term_string"}}],"inLanguage":"pt-BR"},{"@type":"Organization","@id":"https:\/\/loricestetic.com.br\/#organization","name":"Lorice - Fisioterapia e Est\u00e9tica","url":"https:\/\/loricestetic.com.br\/","logo":{"@type":"ImageObject","inLanguage":"pt-BR","@id":"https:\/\/loricestetic.com.br\/#\/schema\/logo\/image\/","url":"https:\/\/loricestetic.com.br\/wp-content\/uploads\/2015\/09\/cropped-logo.png","contentUrl":"https:\/\/loricestetic.com.br\/wp-content\/uploads\/2015\/09\/cropped-logo.png","width":160,"height":83,"caption":"Lorice - Fisioterapia e Est\u00e9tica"},"image":{"@id":"https:\/\/loricestetic.com.br\/#\/schema\/logo\/image\/"}}]}},"_links":{"self":[{"href":"https:\/\/loricestetic.com.br\/index.php\/wp-json\/wp\/v2\/tribe_events\/2395","targetHints":{"allow":["GET"]}}],"collection":[{"href":"https:\/\/loricestetic.com.br\/index.php\/wp-json\/wp\/v2\/tribe_events"}],"about":[{"href":"https:\/\/loricestetic.com.br\/index.php\/wp-json\/wp\/v2\/types\/tribe_events"}],"author":[{"embeddable":true,"href":"https:\/\/loricestetic.com.br\/index.php\/wp-json\/wp\/v2\/users\/1"}],"version-history":[{"count":0,"href":"https:\/\/loricestetic.com.br\/index.php\/wp-json\/wp\/v2\/tribe_events\/2395\/revisions"}],"wp:attachment":[{"href":"https:\/\/loricestetic.com.br\/index.php\/wp-json\/wp\/v2\/media?parent=2395"}],"wp:term":[{"taxonomy":"post_tag","embeddable":true,"href":"https:\/\/loricestetic.com.br\/index.php\/wp-json\/wp\/v2\/tags?post=2395"},{"taxonomy":"tribe_events_cat","embeddable":true,"href":"https:\/\/loricestetic.com.br\/index.php\/wp-json\/wp\/v2\/tribe_events_cat?post=2395"}],"curies":[{"name":"wp","href":"https:\/\/api.w.org\/{rel}","templated":true}]}}