{"id":2378,"date":"2017-03-21T12:33:58","date_gmt":"2017-03-21T12:33:58","guid":{"rendered":"http:\/\/loricestetic.com.br\/?post_type=tribe_events&#038;p=2378"},"modified":"2017-03-21T12:33:58","modified_gmt":"2017-03-21T12:33:58","slug":"microagulhamento-na-inducao-do-colageno-terapias-combinadas-com-bio-foto-modulacao-4","status":"publish","type":"tribe_events","link":"https:\/\/loricestetic.com.br\/index.php\/evento\/microagulhamento-na-inducao-do-colageno-terapias-combinadas-com-bio-foto-modulacao-4\/","title":{"rendered":"Microagulhamento na Indu\u00e7\u00e3o do Col\u00e1geno: Terapias Combinadas com Bio Foto Modula\u00e7\u00e3o"},"content":{"rendered":"<p>S\u00c3O PAULO &#8211;\u00a0\u00a0 Data &#8211; 22\u00a0 de MAIO\u00a0 \/2017 &#8211; Itaim Bibi<\/p>\n<p>Hor\u00e1rio: 13.30 \u00e1s 21.30 HORAS<br \/>\nMinistrante:\u00a0 Lorice\u00a0 Issa Miguel<br \/>\nLocal do curso &#8211; Rua Jeronimo da Veiga 428 &#8211; cj 31 &#8211; Itaim Bibi\u00a0 &#8211; S.Paulo &#8211; S.P &#8211; tels 11 &#8211; 30790925 &#8211; 981416719 &#8211; das 12.30 as 21.00 horas .<\/p>\n<p><strong>Programa\u00e7\u00e3o<\/strong><br \/>\n\u2022 Microagulhamento Rollers \u2013 m\u00e9todo aprovado pelo ANVISA e FDA (food and drug administration);<br \/>\n\u2022 Conceitos b\u00e1sicos do roller: microagulhamento, seguran\u00e7a, diferen\u00e7a entre 0,25 mm; 0,50 mm; 1,00 mm; 1,5 mm e 2.0 mm;<br \/>\n\u2022 Mec\u00e2nico de a\u00e7\u00e3o;<br \/>\n\u2022 Drug delivery ;<br \/>\n\u2022 Indica\u00e7\u00f5es e cosmec\u00eauticos de apoio p\u00f3s\u2013roller, fatores de crescimento; \u00e1cido hialur\u00f4nico, vitamina C, col\u00e1genoe ativos anti-age;<br \/>\n\u2022 Contra indica\u00e7\u00f5es;<br \/>\n\u2022 Cosmec\u00eauticos utilizados como tratamento coadjuvante das les\u00f5es cut\u00e2neas: estrias, flacidez, melasma, sequela de acne e envelhecimento cut\u00e2neo;<br \/>\n\u2022 Fatores de Crescimento;<br \/>\n\u2022 Protocolos combinados anti age , melasmas e cicatrizes de acne;<br \/>\n\u2022 M\u00e1scaras: calmantes, descongestivas, anti-oxidantes, p\u00f3s \u2013 peel e cosmec\u00eauticos complementares p\u00f3s-peelings;<br \/>\n\u2022 Revitaliza\u00e7\u00e3o cut\u00e2nea com peleing de arginina e AHA p\u00f3s procedimento de roller;<br \/>\n\u2022 Uso do LEDs p\u00f3s microagulhamento;<br \/>\n\u2022 Protocolos complementares peel suaves e associa\u00e7\u00f5es;<br \/>\n\u2022 Pratica demonstrativa : passo a passo, preparo da pele , anest\u00e9sicos t\u00f3picos , assepsia ; cuidados durante rolamento e orienta\u00e7oes gerais ao paciente pos roller;<br \/>\n\u2022 Ativos esterilizados;<br \/>\n\u2022 Normas de biosseguran\u00e7a para procedimento e ambiente de trabalho;<br \/>\n\u2022 Termo de consentimento para tratamento com microagulhamento;<br \/>\n\u2022 LEDs \u2013 Bio foto modulacao associado ao microagulhamento, principios basicos , indicacoes dos Leds Azul, vermelho e infra vermelho, Cromoforos associados a Leds\u00a0 ..<\/p>\n<p>VALORES D0 CURSO &#8211;\u00a0 630,00 reias a vista<br \/>\nPARCELADO 690,00 REAIS ( sendo em 3 x de\u00a0 230,00 reias\u00a0 ) para primeiro pagamento via deposito banc\u00e1rio .<br \/>\nGARANTA\u00a0 SUA VAGA &#8211; COM\u00a0 PRIMEIRO PAGAMENTO PARA AG BRADESCO &#8211;\u00a0 AG .3193-3 CONTA CORRENTE 1692-6 &#8211;\u00a0 NOMINAL A LORICE ISSA MIGUEL .11 &#8211; 981416719\u00a0 ou via e mail: loricemiguel@hotmail.com<br \/>\nFale conosco das 12.30 as 21.00 horas no tel fixo &#8211; 11 30790925- 981416718 &#8211;\u00a0 94542-7800 .<br \/>\nConfire\u00a0 sua presen\u00e7a, pois\u00a0 este modulo\u00a0 ser\u00e1 limitado para apenas\u00a0 6 alunas\u00a0 neste grupo.<\/p>\n","protected":false},"excerpt":{"rendered":"<p>S\u00c3O PAULO &#8211;\u00a0\u00a0 Data &#8211; 22\u00a0 de MAIO\u00a0 \/2017 &#8211; Itaim Bibi Hor\u00e1rio: 13.30 \u00e1s 21.30 HORAS Ministrante:\u00a0 Lorice\u00a0 Issa Miguel Local do curso &#8211; [&hellip;]<\/p>\n","protected":false},"author":1,"featured_media":0,"template":"","meta":{"_tribe_events_status":"","_tribe_events_status_reason":"","footnotes":""},"tags":[],"tribe_events_cat":[3,5],"class_list":["post-2378","tribe_events","type-tribe_events","status-publish","hentry","tribe_events_cat-cursos-nacionais","tribe_events_cat-todos","cat_cursos-nacionais","cat_todos"],"yoast_head":"<!-- This site is optimized with the Yoast SEO plugin v26.2 - https:\/\/yoast.com\/wordpress\/plugins\/seo\/ -->\n<title>Microagulhamento na Indu\u00e7\u00e3o do Col\u00e1geno: Terapias Combinadas com Bio Foto Modula\u00e7\u00e3o - Lorice - Fisioterapia e Est\u00e9tica<\/title>\n<meta name=\"robots\" content=\"index, follow, max-snippet:-1, max-image-preview:large, max-video-preview:-1\" \/>\n<link rel=\"canonical\" href=\"https:\/\/loricestetic.com.br\/index.php\/evento\/microagulhamento-na-inducao-do-colageno-terapias-combinadas-com-bio-foto-modulacao-4\/\" \/>\n<meta property=\"og:locale\" content=\"pt_BR\" \/>\n<meta property=\"og:type\" content=\"article\" \/>\n<meta property=\"og:title\" content=\"Microagulhamento na Indu\u00e7\u00e3o do Col\u00e1geno: Terapias Combinadas com Bio Foto Modula\u00e7\u00e3o - Lorice - Fisioterapia e Est\u00e9tica\" \/>\n<meta property=\"og:description\" content=\"S\u00c3O PAULO &#8211;\u00a0\u00a0 Data &#8211; 22\u00a0 de MAIO\u00a0 \/2017 &#8211; Itaim Bibi Hor\u00e1rio: 13.30 \u00e1s 21.30 HORAS Ministrante:\u00a0 Lorice\u00a0 Issa Miguel Local do curso &#8211; [&hellip;]\" \/>\n<meta property=\"og:url\" content=\"https:\/\/loricestetic.com.br\/index.php\/evento\/microagulhamento-na-inducao-do-colageno-terapias-combinadas-com-bio-foto-modulacao-4\/\" \/>\n<meta property=\"og:site_name\" content=\"Lorice - Fisioterapia e Est\u00e9tica\" \/>\n<meta name=\"twitter:card\" content=\"summary_large_image\" \/>\n<meta name=\"twitter:label1\" content=\"Est. tempo de leitura\" \/>\n\t<meta name=\"twitter:data1\" content=\"2 minutos\" \/>\n<script type=\"application\/ld+json\" class=\"yoast-schema-graph\">{\"@context\":\"https:\/\/schema.org\",\"@graph\":[{\"@type\":\"WebPage\",\"@id\":\"https:\/\/loricestetic.com.br\/index.php\/evento\/microagulhamento-na-inducao-do-colageno-terapias-combinadas-com-bio-foto-modulacao-4\/\",\"url\":\"https:\/\/loricestetic.com.br\/index.php\/evento\/microagulhamento-na-inducao-do-colageno-terapias-combinadas-com-bio-foto-modulacao-4\/\",\"name\":\"Microagulhamento na Indu\u00e7\u00e3o do Col\u00e1geno: Terapias Combinadas com Bio Foto Modula\u00e7\u00e3o - Lorice - Fisioterapia e Est\u00e9tica\",\"isPartOf\":{\"@id\":\"https:\/\/loricestetic.com.br\/#website\"},\"datePublished\":\"2017-03-21T12:33:58+00:00\",\"breadcrumb\":{\"@id\":\"https:\/\/loricestetic.com.br\/index.php\/evento\/microagulhamento-na-inducao-do-colageno-terapias-combinadas-com-bio-foto-modulacao-4\/#breadcrumb\"},\"inLanguage\":\"pt-BR\",\"potentialAction\":[{\"@type\":\"ReadAction\",\"target\":[\"https:\/\/loricestetic.com.br\/index.php\/evento\/microagulhamento-na-inducao-do-colageno-terapias-combinadas-com-bio-foto-modulacao-4\/\"]}]},{\"@type\":\"BreadcrumbList\",\"@id\":\"https:\/\/loricestetic.com.br\/index.php\/evento\/microagulhamento-na-inducao-do-colageno-terapias-combinadas-com-bio-foto-modulacao-4\/#breadcrumb\",\"itemListElement\":[{\"@type\":\"ListItem\",\"position\":1,\"name\":\"In\u00edcio\",\"item\":\"https:\/\/loricestetic.com.br\/\"},{\"@type\":\"ListItem\",\"position\":2,\"name\":\"Eventos\",\"item\":\"https:\/\/loricestetic.com.br\/index.php\/eventos\/\"},{\"@type\":\"ListItem\",\"position\":3,\"name\":\"Microagulhamento na Indu\u00e7\u00e3o do Col\u00e1geno: Terapias Combinadas com Bio Foto Modula\u00e7\u00e3o\"}]},{\"@type\":\"WebSite\",\"@id\":\"https:\/\/loricestetic.com.br\/#website\",\"url\":\"https:\/\/loricestetic.com.br\/\",\"name\":\"Lorice - Fisioterapia e Est\u00e9tica\",\"description\":\"\",\"publisher\":{\"@id\":\"https:\/\/loricestetic.com.br\/#organization\"},\"potentialAction\":[{\"@type\":\"SearchAction\",\"target\":{\"@type\":\"EntryPoint\",\"urlTemplate\":\"https:\/\/loricestetic.com.br\/?s={search_term_string}\"},\"query-input\":{\"@type\":\"PropertyValueSpecification\",\"valueRequired\":true,\"valueName\":\"search_term_string\"}}],\"inLanguage\":\"pt-BR\"},{\"@type\":\"Organization\",\"@id\":\"https:\/\/loricestetic.com.br\/#organization\",\"name\":\"Lorice - Fisioterapia e Est\u00e9tica\",\"url\":\"https:\/\/loricestetic.com.br\/\",\"logo\":{\"@type\":\"ImageObject\",\"inLanguage\":\"pt-BR\",\"@id\":\"https:\/\/loricestetic.com.br\/#\/schema\/logo\/image\/\",\"url\":\"https:\/\/loricestetic.com.br\/wp-content\/uploads\/2015\/09\/cropped-logo.png\",\"contentUrl\":\"https:\/\/loricestetic.com.br\/wp-content\/uploads\/2015\/09\/cropped-logo.png\",\"width\":160,\"height\":83,\"caption\":\"Lorice - Fisioterapia e Est\u00e9tica\"},\"image\":{\"@id\":\"https:\/\/loricestetic.com.br\/#\/schema\/logo\/image\/\"}}]}<\/script>\n<!-- \/ Yoast SEO plugin. -->","yoast_head_json":{"title":"Microagulhamento na Indu\u00e7\u00e3o do Col\u00e1geno: Terapias Combinadas com Bio Foto Modula\u00e7\u00e3o - Lorice - Fisioterapia e Est\u00e9tica","robots":{"index":"index","follow":"follow","max-snippet":"max-snippet:-1","max-image-preview":"max-image-preview:large","max-video-preview":"max-video-preview:-1"},"canonical":"https:\/\/loricestetic.com.br\/index.php\/evento\/microagulhamento-na-inducao-do-colageno-terapias-combinadas-com-bio-foto-modulacao-4\/","og_locale":"pt_BR","og_type":"article","og_title":"Microagulhamento na Indu\u00e7\u00e3o do Col\u00e1geno: Terapias Combinadas com Bio Foto Modula\u00e7\u00e3o - Lorice - Fisioterapia e Est\u00e9tica","og_description":"S\u00c3O PAULO &#8211;\u00a0\u00a0 Data &#8211; 22\u00a0 de MAIO\u00a0 \/2017 &#8211; Itaim Bibi Hor\u00e1rio: 13.30 \u00e1s 21.30 HORAS Ministrante:\u00a0 Lorice\u00a0 Issa Miguel Local do curso &#8211; [&hellip;]","og_url":"https:\/\/loricestetic.com.br\/index.php\/evento\/microagulhamento-na-inducao-do-colageno-terapias-combinadas-com-bio-foto-modulacao-4\/","og_site_name":"Lorice - Fisioterapia e Est\u00e9tica","twitter_card":"summary_large_image","twitter_misc":{"Est. tempo de leitura":"2 minutos"},"schema":{"@context":"https:\/\/schema.org","@graph":[{"@type":"WebPage","@id":"https:\/\/loricestetic.com.br\/index.php\/evento\/microagulhamento-na-inducao-do-colageno-terapias-combinadas-com-bio-foto-modulacao-4\/","url":"https:\/\/loricestetic.com.br\/index.php\/evento\/microagulhamento-na-inducao-do-colageno-terapias-combinadas-com-bio-foto-modulacao-4\/","name":"Microagulhamento na Indu\u00e7\u00e3o do Col\u00e1geno: Terapias Combinadas com Bio Foto Modula\u00e7\u00e3o - Lorice - Fisioterapia e Est\u00e9tica","isPartOf":{"@id":"https:\/\/loricestetic.com.br\/#website"},"datePublished":"2017-03-21T12:33:58+00:00","breadcrumb":{"@id":"https:\/\/loricestetic.com.br\/index.php\/evento\/microagulhamento-na-inducao-do-colageno-terapias-combinadas-com-bio-foto-modulacao-4\/#breadcrumb"},"inLanguage":"pt-BR","potentialAction":[{"@type":"ReadAction","target":["https:\/\/loricestetic.com.br\/index.php\/evento\/microagulhamento-na-inducao-do-colageno-terapias-combinadas-com-bio-foto-modulacao-4\/"]}]},{"@type":"BreadcrumbList","@id":"https:\/\/loricestetic.com.br\/index.php\/evento\/microagulhamento-na-inducao-do-colageno-terapias-combinadas-com-bio-foto-modulacao-4\/#breadcrumb","itemListElement":[{"@type":"ListItem","position":1,"name":"In\u00edcio","item":"https:\/\/loricestetic.com.br\/"},{"@type":"ListItem","position":2,"name":"Eventos","item":"https:\/\/loricestetic.com.br\/index.php\/eventos\/"},{"@type":"ListItem","position":3,"name":"Microagulhamento na Indu\u00e7\u00e3o do Col\u00e1geno: Terapias Combinadas com Bio Foto Modula\u00e7\u00e3o"}]},{"@type":"WebSite","@id":"https:\/\/loricestetic.com.br\/#website","url":"https:\/\/loricestetic.com.br\/","name":"Lorice - Fisioterapia e Est\u00e9tica","description":"","publisher":{"@id":"https:\/\/loricestetic.com.br\/#organization"},"potentialAction":[{"@type":"SearchAction","target":{"@type":"EntryPoint","urlTemplate":"https:\/\/loricestetic.com.br\/?s={search_term_string}"},"query-input":{"@type":"PropertyValueSpecification","valueRequired":true,"valueName":"search_term_string"}}],"inLanguage":"pt-BR"},{"@type":"Organization","@id":"https:\/\/loricestetic.com.br\/#organization","name":"Lorice - Fisioterapia e Est\u00e9tica","url":"https:\/\/loricestetic.com.br\/","logo":{"@type":"ImageObject","inLanguage":"pt-BR","@id":"https:\/\/loricestetic.com.br\/#\/schema\/logo\/image\/","url":"https:\/\/loricestetic.com.br\/wp-content\/uploads\/2015\/09\/cropped-logo.png","contentUrl":"https:\/\/loricestetic.com.br\/wp-content\/uploads\/2015\/09\/cropped-logo.png","width":160,"height":83,"caption":"Lorice - Fisioterapia e Est\u00e9tica"},"image":{"@id":"https:\/\/loricestetic.com.br\/#\/schema\/logo\/image\/"}}]}},"_links":{"self":[{"href":"https:\/\/loricestetic.com.br\/index.php\/wp-json\/wp\/v2\/tribe_events\/2378","targetHints":{"allow":["GET"]}}],"collection":[{"href":"https:\/\/loricestetic.com.br\/index.php\/wp-json\/wp\/v2\/tribe_events"}],"about":[{"href":"https:\/\/loricestetic.com.br\/index.php\/wp-json\/wp\/v2\/types\/tribe_events"}],"author":[{"embeddable":true,"href":"https:\/\/loricestetic.com.br\/index.php\/wp-json\/wp\/v2\/users\/1"}],"version-history":[{"count":0,"href":"https:\/\/loricestetic.com.br\/index.php\/wp-json\/wp\/v2\/tribe_events\/2378\/revisions"}],"wp:attachment":[{"href":"https:\/\/loricestetic.com.br\/index.php\/wp-json\/wp\/v2\/media?parent=2378"}],"wp:term":[{"taxonomy":"post_tag","embeddable":true,"href":"https:\/\/loricestetic.com.br\/index.php\/wp-json\/wp\/v2\/tags?post=2378"},{"taxonomy":"tribe_events_cat","embeddable":true,"href":"https:\/\/loricestetic.com.br\/index.php\/wp-json\/wp\/v2\/tribe_events_cat?post=2378"}],"curies":[{"name":"wp","href":"https:\/\/api.w.org\/{rel}","templated":true}]}}