{"id":1985,"date":"2016-04-08T17:29:40","date_gmt":"2016-04-08T17:29:40","guid":{"rendered":"http:\/\/loricestetic.com.br\/?post_type=tribe_events&#038;p=1985"},"modified":"2016-04-08T17:48:26","modified_gmt":"2016-04-08T17:48:26","slug":"inscricao-para-i-curso-internacional-de-terapias-manuais-em-estetica-e-spa","status":"publish","type":"tribe_events","link":"https:\/\/loricestetic.com.br\/index.php\/evento\/inscricao-para-i-curso-internacional-de-terapias-manuais-em-estetica-e-spa\/","title":{"rendered":"Inscri\u00e7\u00e3o Para: I Curso Internacional de Terapias Manuais em Est\u00e9tica e SPA"},"content":{"rendered":"<p style=\"text-align: center;\"><strong>De 13\u00a0 A 15 Agosto De\u00a0 2016 &#8211;\u00a0 Prof. Gil Amsalen &#8211; Fran\u00e7a\u00a0 <\/strong><\/p>\n<p style=\"text-align: left;\"><strong>Formul\u00e1rio e Contrato para efetivar sua inscri\u00e7\u00e3o<\/strong>:<br \/>\n<strong>Formul\u00e1rio e cheque preenchido e assinado.<\/strong><br \/>\nEnviar via SEDEX 10 via Correios para endere\u00e7o: Rua Jer\u00f4nimo da Veiga , 428 &#8211; Conjunto 31<br \/>\nItaim &#8211; S\u00e3o Paulo &#8211; CEP -04536-001<br \/>\n<strong>Cheques nominal<\/strong> a Lorice Issa Miguel<\/p>\n<p>(Preencha os campos abaixo)<\/p>\n<table style=\"height: 764px;\" width=\"799\">\n<tbody>\n<tr>\n<td width=\"18%\">Nome:<\/td>\n<td width=\"82%\"><\/td>\n<\/tr>\n<tr>\n<td>Endere\u00e7o:<\/td>\n<td><\/td>\n<\/tr>\n<tr>\n<td>Cidade:<\/td>\n<td><\/td>\n<\/tr>\n<tr>\n<td>Estado:<\/td>\n<td><\/td>\n<\/tr>\n<tr>\n<td>Cep:<\/td>\n<td><\/td>\n<\/tr>\n<tr>\n<td>RG:<\/td>\n<td><\/td>\n<\/tr>\n<tr>\n<td>Telefone (Res):<\/td>\n<td><\/td>\n<\/tr>\n<tr>\n<td>Telefone(Com)<\/td>\n<td><\/td>\n<\/tr>\n<tr>\n<td>Celular<\/td>\n<td><\/td>\n<\/tr>\n<tr>\n<td>E-mail:<\/td>\n<td><\/td>\n<\/tr>\n<tr>\n<td>Forma\u00e7\u00e3o:<\/td>\n<td><\/td>\n<\/tr>\n<tr>\n<td>Especializa\u00e7\u00e3o:<\/td>\n<td><\/td>\n<\/tr>\n<tr>\n<td>\u00a0Crefito n\u00ba:<\/td>\n<td><\/td>\n<\/tr>\n<tr>\n<td>Estudante:<\/td>\n<td><\/td>\n<\/tr>\n<\/tbody>\n<\/table>\n<p>&nbsp;<\/p>\n<table style=\"height: 84px;\" width=\"783\">\n<tbody>\n<tr>\n<td width=\"33%\"><strong>FORMA DE PAGAMENTO:<\/strong><\/td>\n<td width=\"14%\">A Vista\u00a0(\u00a0)<\/td>\n<td width=\"53%\">Parcelado\u00a0(\u00a0)<\/td>\n<\/tr>\n<\/tbody>\n<\/table>\n<p>&nbsp;<\/p>\n<p>Anote abaixo os n\u00fameros dos cheques que ser\u00e3o enviados junto com esse formul\u00e1rio:<\/p>\n<p>&#8212;&#8212;&#8212;&#8212;&#8212;&#8212;&#8212;&#8212;&#8212;&#8212;&#8212;&#8212;&#8212;&#8212;&#8212;&#8212;&#8212;&#8212;&#8212;&#8212;&#8212;&#8212;&#8212;&#8212;&#8212;&#8212;&#8212;&#8212;&#8212;&#8212;&#8212;&#8212;&#8212;&#8212;&#8212;&#8212;&#8212;&#8212;&#8212;&#8212;&#8212;&#8212;&#8212;&#8212;&#8212;&#8212;&#8212;&#8212;&#8212;&#8212;&#8212;&#8212;&#8212;&#8212;<\/p>\n<p>&#8212;&#8212;&#8212;&#8212;&#8212;&#8212;&#8212;&#8212;&#8212;&#8212;&#8212;&#8212;&#8212;&#8212;&#8212;&#8212;&#8212;&#8212;&#8212;&#8212;&#8212;&#8212;&#8212;&#8212;&#8212;&#8212;&#8212;&#8212;&#8212;&#8212;&#8212;&#8212;&#8212;&#8212;&#8212;&#8212;&#8212;&#8212;&#8212;&#8212;&#8212;&#8212;&#8212;&#8212;&#8212;&#8212;&#8212;&#8212;&#8212;&#8212;&#8212;&#8212;&#8212;&#8212;<\/p>\n<p>&nbsp;<\/p>\n<p><strong>INFORMA\u00c7\u00d5ES IMPORTANTES E REGULAMENTO :<\/strong><\/p>\n<p>1- As inscri\u00e7\u00f5es ser\u00e3o recebidas ap\u00f3s contato pr\u00e9vio com Lorice Miguel (S\u00e3o Paulo) ou Eduardo Gusman (Maringa-Pr). Voc\u00ea receber\u00e1 um prazo para envio e chegada do pagamento de sua inscri\u00e7\u00e3o. Sua inscri\u00e7\u00e3o somente ser\u00e1 efetivada mediante pagamento.<\/p>\n<p>2- Este curso poder\u00e1 ser pago com cheques pr\u00e9\u2013datado (\u00a0 parcelado DE 10 de fevereiro de\u00a0 2016 at\u00e9 10 de\u00a0 agosto de\u00a0 2016 )ou pagamento a vista c\/ desconto &#8211; mediante pr\u00e9via reserva do aluno via contato telef\u00f4nico com minha equipe nos telefones citados logo abaixo.<br \/>\nPagamento no cart\u00e3o de cr\u00e9dito VISA: Parcelamento em apenas 3x e somente ser\u00e1 poss\u00edvel na sede : no bairro do Itaim \u2013 SP<\/p>\n<p>3- Todos os cheques ser\u00e3o nominais a Lorice Issa Miguel e dever\u00e3o ser encaminhados por SEDEX 10 para: Rua Jer\u00f4nimo da Veiga, 428 &#8211; Conjunto 31, ITAIM, CEP: 04536-001 S\u00e3o Paulo &#8211; SP<\/p>\n<p>4- POL\u00cdTICA DE CANCELAMENTO E PENALIDADES DE\u00a0 MULTAS\u00a0 :<br \/>\na) O cancelamento de sua vaga , caso aconte\u00e7a , resultar\u00e1 em multa de 30 % do valor do curso at\u00e9 o dia 30 de de maio\u00a0\u00a0 de 2016.<br \/>\nb) Ap\u00f3s o dia 1 de\u00a0 junho\u00a0\u00a0 de 2016 &#8211; multa de 50% do valor do curso. &#8211;<br \/>\nc)\u00a0\u00a0 Ap\u00f3s 1 de julho\u00a0\u00a0 de 2016\u00a0 \u2013 multa de 100%.<\/p>\n<p>Ap\u00f3s essa data ser\u00e1 permitida a transfer\u00eancia da sua vaga para outro aluno, entrando em contato urgente conosco, para regularizarmos a sua situa\u00e7\u00e3o e a do outro aluno.<\/p>\n<p>5-\u00a0 TIRE SUAS D\u00daVIDAS: Telefones: (11) 3079-0925 ou (11) 3168-2592 \u2013 ( 11) 996126566 \u2013 vivo (11) 981416719 tim\u00a0 &#8211; das 13.00 as 20.30 horas com Prof\u00aa Lorice I Miguel .<\/p>\n<p>Estou de acordo com todas as regras de pagamento e cancelamento presente neste formul\u00e1rio<\/p>\n<p>&nbsp;<\/p>\n<p style=\"text-align: center;\"><strong>_________________________________________________________________________________<br \/>\n(Assinatura do aluno)<\/strong><\/p>\n<p>Nome Completo do aluno (letra de forma):<br \/>\nData da sua inscri\u00e7\u00e3o:<\/p>\n<p><strong>Valor do curso e Op\u00e7\u00f5es de pagamento<\/strong><br \/>\nOP\u00c7\u00c3O 1 &#8211;\u00a0 2.390,00 ( Em 6 X\u00a0 398,00 reais) para pagamento ate 10\/03\/2016 sendo ultima parcela para 10 de agosto de 2016<\/p>\n<p>OP\u00c7\u00c3O 2\u00a0 &#8211; 2,490,00 (\u00a0 Em\u00a0 4 X\u00a0 622,00 reais) para pagamento ate 10\/05\/2016 sendo ultima parcela para 10 de agosto de 2016<\/p>\n<p>OP\u00c7\u00c3O 3\u00a0 &#8211; 2350,00 A VISTA\u00a0 ( ou 2 X 1.175,00 Reais ) para pagamento ate 10\/04\/2016.<\/p>\n<p>CONSULTE &#8211; NOS PARA PAGAMENTO NO CART\u00c3O ( somente para pagamentos direto no consult\u00f3rio &#8211; Itaim &#8211; Bibi<\/p>\n<p>Esperamos voc\u00ea ! LORICE ISSA MIGUEL\u00a0 E EDUARDO GUSMAN &#8211; antes de enviar este &#8211; comunique se por tel (11) 30790925 &#8211; 31682592 &#8211; ou envie um e mail para loricemiguel@hotmail.com<\/p>\n<p>&nbsp;<\/p>\n<form style=\"text-alling:center\"><input type=\"button\" name=\"imprimir\" value=\"Imprimir Essa P\u00e1gina\" onclick=\"window.print();\" style=\"fonte-size:15px; padding:10px; color:#ff0000; width:150px\"><\/form>\n","protected":false},"excerpt":{"rendered":"<p>De 13\u00a0 A 15 Agosto De\u00a0 2016 &#8211;\u00a0 Prof. Gil Amsalen &#8211; Fran\u00e7a\u00a0 Formul\u00e1rio e Contrato para efetivar sua inscri\u00e7\u00e3o: Formul\u00e1rio e cheque preenchido e [&hellip;]<\/p>\n","protected":false},"author":1,"featured_media":0,"template":"","meta":{"_tribe_events_status":"","_tribe_events_status_reason":"","footnotes":""},"tags":[],"tribe_events_cat":[],"class_list":["post-1985","tribe_events","type-tribe_events","status-publish","hentry"],"yoast_head":"<!-- This site is optimized with the Yoast SEO plugin v26.2 - https:\/\/yoast.com\/wordpress\/plugins\/seo\/ -->\n<title>Inscri\u00e7\u00e3o Para: I Curso Internacional de Terapias Manuais em Est\u00e9tica e SPA - Lorice - Fisioterapia e Est\u00e9tica<\/title>\n<meta name=\"robots\" content=\"index, follow, max-snippet:-1, max-image-preview:large, max-video-preview:-1\" \/>\n<link rel=\"canonical\" href=\"https:\/\/loricestetic.com.br\/index.php\/evento\/inscricao-para-i-curso-internacional-de-terapias-manuais-em-estetica-e-spa\/\" \/>\n<meta property=\"og:locale\" content=\"pt_BR\" \/>\n<meta property=\"og:type\" content=\"article\" \/>\n<meta property=\"og:title\" content=\"Inscri\u00e7\u00e3o Para: I Curso Internacional de Terapias Manuais em Est\u00e9tica e SPA - Lorice - Fisioterapia e Est\u00e9tica\" \/>\n<meta property=\"og:description\" content=\"De 13\u00a0 A 15 Agosto De\u00a0 2016 &#8211;\u00a0 Prof. Gil Amsalen &#8211; Fran\u00e7a\u00a0 Formul\u00e1rio e Contrato para efetivar sua inscri\u00e7\u00e3o: Formul\u00e1rio e cheque preenchido e [&hellip;]\" \/>\n<meta property=\"og:url\" content=\"https:\/\/loricestetic.com.br\/index.php\/evento\/inscricao-para-i-curso-internacional-de-terapias-manuais-em-estetica-e-spa\/\" \/>\n<meta property=\"og:site_name\" content=\"Lorice - Fisioterapia e Est\u00e9tica\" \/>\n<meta property=\"article:modified_time\" content=\"2016-04-08T17:48:26+00:00\" \/>\n<meta name=\"twitter:card\" content=\"summary_large_image\" \/>\n<meta name=\"twitter:label1\" content=\"Est. tempo de leitura\" \/>\n\t<meta name=\"twitter:data1\" content=\"2 minutos\" \/>\n<script type=\"application\/ld+json\" class=\"yoast-schema-graph\">{\"@context\":\"https:\/\/schema.org\",\"@graph\":[{\"@type\":\"WebPage\",\"@id\":\"https:\/\/loricestetic.com.br\/index.php\/evento\/inscricao-para-i-curso-internacional-de-terapias-manuais-em-estetica-e-spa\/\",\"url\":\"https:\/\/loricestetic.com.br\/index.php\/evento\/inscricao-para-i-curso-internacional-de-terapias-manuais-em-estetica-e-spa\/\",\"name\":\"Inscri\u00e7\u00e3o Para: I Curso Internacional de Terapias Manuais em Est\u00e9tica e SPA - Lorice - Fisioterapia e Est\u00e9tica\",\"isPartOf\":{\"@id\":\"https:\/\/loricestetic.com.br\/#website\"},\"datePublished\":\"2016-04-08T17:29:40+00:00\",\"dateModified\":\"2016-04-08T17:48:26+00:00\",\"breadcrumb\":{\"@id\":\"https:\/\/loricestetic.com.br\/index.php\/evento\/inscricao-para-i-curso-internacional-de-terapias-manuais-em-estetica-e-spa\/#breadcrumb\"},\"inLanguage\":\"pt-BR\",\"potentialAction\":[{\"@type\":\"ReadAction\",\"target\":[\"https:\/\/loricestetic.com.br\/index.php\/evento\/inscricao-para-i-curso-internacional-de-terapias-manuais-em-estetica-e-spa\/\"]}]},{\"@type\":\"BreadcrumbList\",\"@id\":\"https:\/\/loricestetic.com.br\/index.php\/evento\/inscricao-para-i-curso-internacional-de-terapias-manuais-em-estetica-e-spa\/#breadcrumb\",\"itemListElement\":[{\"@type\":\"ListItem\",\"position\":1,\"name\":\"In\u00edcio\",\"item\":\"https:\/\/loricestetic.com.br\/\"},{\"@type\":\"ListItem\",\"position\":2,\"name\":\"Eventos\",\"item\":\"https:\/\/loricestetic.com.br\/index.php\/eventos\/\"},{\"@type\":\"ListItem\",\"position\":3,\"name\":\"Inscri\u00e7\u00e3o Para: I Curso Internacional de Terapias Manuais em Est\u00e9tica e SPA\"}]},{\"@type\":\"WebSite\",\"@id\":\"https:\/\/loricestetic.com.br\/#website\",\"url\":\"https:\/\/loricestetic.com.br\/\",\"name\":\"Lorice - Fisioterapia e Est\u00e9tica\",\"description\":\"\",\"publisher\":{\"@id\":\"https:\/\/loricestetic.com.br\/#organization\"},\"potentialAction\":[{\"@type\":\"SearchAction\",\"target\":{\"@type\":\"EntryPoint\",\"urlTemplate\":\"https:\/\/loricestetic.com.br\/?s={search_term_string}\"},\"query-input\":{\"@type\":\"PropertyValueSpecification\",\"valueRequired\":true,\"valueName\":\"search_term_string\"}}],\"inLanguage\":\"pt-BR\"},{\"@type\":\"Organization\",\"@id\":\"https:\/\/loricestetic.com.br\/#organization\",\"name\":\"Lorice - Fisioterapia e Est\u00e9tica\",\"url\":\"https:\/\/loricestetic.com.br\/\",\"logo\":{\"@type\":\"ImageObject\",\"inLanguage\":\"pt-BR\",\"@id\":\"https:\/\/loricestetic.com.br\/#\/schema\/logo\/image\/\",\"url\":\"https:\/\/loricestetic.com.br\/wp-content\/uploads\/2015\/09\/cropped-logo.png\",\"contentUrl\":\"https:\/\/loricestetic.com.br\/wp-content\/uploads\/2015\/09\/cropped-logo.png\",\"width\":160,\"height\":83,\"caption\":\"Lorice - Fisioterapia e Est\u00e9tica\"},\"image\":{\"@id\":\"https:\/\/loricestetic.com.br\/#\/schema\/logo\/image\/\"}}]}<\/script>\n<!-- \/ Yoast SEO plugin. -->","yoast_head_json":{"title":"Inscri\u00e7\u00e3o Para: I Curso Internacional de Terapias Manuais em Est\u00e9tica e SPA - Lorice - Fisioterapia e Est\u00e9tica","robots":{"index":"index","follow":"follow","max-snippet":"max-snippet:-1","max-image-preview":"max-image-preview:large","max-video-preview":"max-video-preview:-1"},"canonical":"https:\/\/loricestetic.com.br\/index.php\/evento\/inscricao-para-i-curso-internacional-de-terapias-manuais-em-estetica-e-spa\/","og_locale":"pt_BR","og_type":"article","og_title":"Inscri\u00e7\u00e3o Para: I Curso Internacional de Terapias Manuais em Est\u00e9tica e SPA - Lorice - Fisioterapia e Est\u00e9tica","og_description":"De 13\u00a0 A 15 Agosto De\u00a0 2016 &#8211;\u00a0 Prof. Gil Amsalen &#8211; Fran\u00e7a\u00a0 Formul\u00e1rio e Contrato para efetivar sua inscri\u00e7\u00e3o: Formul\u00e1rio e cheque preenchido e [&hellip;]","og_url":"https:\/\/loricestetic.com.br\/index.php\/evento\/inscricao-para-i-curso-internacional-de-terapias-manuais-em-estetica-e-spa\/","og_site_name":"Lorice - Fisioterapia e Est\u00e9tica","article_modified_time":"2016-04-08T17:48:26+00:00","twitter_card":"summary_large_image","twitter_misc":{"Est. tempo de leitura":"2 minutos"},"schema":{"@context":"https:\/\/schema.org","@graph":[{"@type":"WebPage","@id":"https:\/\/loricestetic.com.br\/index.php\/evento\/inscricao-para-i-curso-internacional-de-terapias-manuais-em-estetica-e-spa\/","url":"https:\/\/loricestetic.com.br\/index.php\/evento\/inscricao-para-i-curso-internacional-de-terapias-manuais-em-estetica-e-spa\/","name":"Inscri\u00e7\u00e3o Para: I Curso Internacional de Terapias Manuais em Est\u00e9tica e SPA - Lorice - Fisioterapia e Est\u00e9tica","isPartOf":{"@id":"https:\/\/loricestetic.com.br\/#website"},"datePublished":"2016-04-08T17:29:40+00:00","dateModified":"2016-04-08T17:48:26+00:00","breadcrumb":{"@id":"https:\/\/loricestetic.com.br\/index.php\/evento\/inscricao-para-i-curso-internacional-de-terapias-manuais-em-estetica-e-spa\/#breadcrumb"},"inLanguage":"pt-BR","potentialAction":[{"@type":"ReadAction","target":["https:\/\/loricestetic.com.br\/index.php\/evento\/inscricao-para-i-curso-internacional-de-terapias-manuais-em-estetica-e-spa\/"]}]},{"@type":"BreadcrumbList","@id":"https:\/\/loricestetic.com.br\/index.php\/evento\/inscricao-para-i-curso-internacional-de-terapias-manuais-em-estetica-e-spa\/#breadcrumb","itemListElement":[{"@type":"ListItem","position":1,"name":"In\u00edcio","item":"https:\/\/loricestetic.com.br\/"},{"@type":"ListItem","position":2,"name":"Eventos","item":"https:\/\/loricestetic.com.br\/index.php\/eventos\/"},{"@type":"ListItem","position":3,"name":"Inscri\u00e7\u00e3o Para: I Curso Internacional de Terapias Manuais em Est\u00e9tica e SPA"}]},{"@type":"WebSite","@id":"https:\/\/loricestetic.com.br\/#website","url":"https:\/\/loricestetic.com.br\/","name":"Lorice - Fisioterapia e Est\u00e9tica","description":"","publisher":{"@id":"https:\/\/loricestetic.com.br\/#organization"},"potentialAction":[{"@type":"SearchAction","target":{"@type":"EntryPoint","urlTemplate":"https:\/\/loricestetic.com.br\/?s={search_term_string}"},"query-input":{"@type":"PropertyValueSpecification","valueRequired":true,"valueName":"search_term_string"}}],"inLanguage":"pt-BR"},{"@type":"Organization","@id":"https:\/\/loricestetic.com.br\/#organization","name":"Lorice - Fisioterapia e Est\u00e9tica","url":"https:\/\/loricestetic.com.br\/","logo":{"@type":"ImageObject","inLanguage":"pt-BR","@id":"https:\/\/loricestetic.com.br\/#\/schema\/logo\/image\/","url":"https:\/\/loricestetic.com.br\/wp-content\/uploads\/2015\/09\/cropped-logo.png","contentUrl":"https:\/\/loricestetic.com.br\/wp-content\/uploads\/2015\/09\/cropped-logo.png","width":160,"height":83,"caption":"Lorice - Fisioterapia e Est\u00e9tica"},"image":{"@id":"https:\/\/loricestetic.com.br\/#\/schema\/logo\/image\/"}}]}},"_links":{"self":[{"href":"https:\/\/loricestetic.com.br\/index.php\/wp-json\/wp\/v2\/tribe_events\/1985","targetHints":{"allow":["GET"]}}],"collection":[{"href":"https:\/\/loricestetic.com.br\/index.php\/wp-json\/wp\/v2\/tribe_events"}],"about":[{"href":"https:\/\/loricestetic.com.br\/index.php\/wp-json\/wp\/v2\/types\/tribe_events"}],"author":[{"embeddable":true,"href":"https:\/\/loricestetic.com.br\/index.php\/wp-json\/wp\/v2\/users\/1"}],"version-history":[{"count":1,"href":"https:\/\/loricestetic.com.br\/index.php\/wp-json\/wp\/v2\/tribe_events\/1985\/revisions"}],"predecessor-version":[{"id":1988,"href":"https:\/\/loricestetic.com.br\/index.php\/wp-json\/wp\/v2\/tribe_events\/1985\/revisions\/1988"}],"wp:attachment":[{"href":"https:\/\/loricestetic.com.br\/index.php\/wp-json\/wp\/v2\/media?parent=1985"}],"wp:term":[{"taxonomy":"post_tag","embeddable":true,"href":"https:\/\/loricestetic.com.br\/index.php\/wp-json\/wp\/v2\/tags?post=1985"},{"taxonomy":"tribe_events_cat","embeddable":true,"href":"https:\/\/loricestetic.com.br\/index.php\/wp-json\/wp\/v2\/tribe_events_cat?post=1985"}],"curies":[{"name":"wp","href":"https:\/\/api.w.org\/{rel}","templated":true}]}}